{"id":5246,"date":"2026-03-01T21:42:11","date_gmt":"2026-03-01T20:42:11","guid":{"rendered":"https:\/\/www.ig-zug.ch\/?page_id=5246"},"modified":"2026-03-03T21:46:50","modified_gmt":"2026-03-03T20:46:50","slug":"impresum","status":"publish","type":"page","link":"https:\/\/www.ig-zug.ch\/bs\/impresum\/","title":{"rendered":"Impresum"},"content":{"rendered":"<div class=\"wpb-content-wrapper\"><p>[vc_row hide_bg_image_on_tablet=\u201d\u201d hide_bg_image_on_mobile=\u201d\u201d css=\u201d.vc_custom_1761492215478{background-color: #F7F8F900 !important;}\u201d][vc_column icons_position=\u201dleft\u201d]<div id=\"sc_title_1555970115\"\n\t\tclass=\"sc_title color_style_default sc_title_default\"><h1 class=\"sc_item_title sc_title_title sc_align_left sc_item_title_style_default sc_item_title_tag\">Impresum<\/h1><\/div><!-- \/.sc_title -->[vc_empty_space height=\u201d3em\u201d alter_height=\u201dnone\u201d hide_on_desktop=\u201d\u201d hide_on_notebook=\u201d\u201d hide_on_tablet=\u201d\u201d hide_on_mobile=\u201d\u201d][vc_column_text css=\u201d\u201d]<\/p>\n<h3>Kontakt adresa<\/h3>\n<p>Verein Islamische Gemeinschaft des Kantons Zug<br \/>\nSumpfstrasse 1<br \/>\n6312 Steinhausen<br \/>\n\u0160vicarska<br \/>\ninfo@ig-zug.ch<\/p>\n<h3>Osobe ovla\u0161tene za zastupanje<\/h3>\n<p>Anel Had\u017ei\u0107, predsjednik udru\u017eenja<\/p>\n<h3>Upis kao udru\u017eenje<\/h3>\n<p>Registrovani naziv: Verein Islamische Gemeinschaft des Kantons Zug<br \/>\nBroj: CHE-103.642.342<\/p>\n<h3>Odricanje od odgovornosti<\/h3>\n<p>Autor ne preuzima nikakvu odgovornost u pogledu ta\u010dnosti, preciznosti, a\u017eurnosti, pouzdanosti i potpunosti informacija. Isklju\u010duju se zahtjevi za odgovornost protiv autora zbog materijalne ili nematerijalne \u0161tete nastale pristupom, kori\u0161tenjem ili nekori\u0161tenjem objavljenih informacija, zloupotrebom veze ili tehni\u010dkim smetnjama. Sve ponude su neobavezuju\u0107e. Autor izri\u010dito zadr\u017eava pravo da bez posebne najave izmijeni, dopuni ili izbri\u0161e dijelove stranica ili cjelokupnu ponudu, kao i da privremeno ili trajno obustavi objavljivanje.<\/p>\n<h3>Odgovornost za linkove<\/h3>\n<p>Upu\u0107ivanja i linkovi na web stranice tre\u0107ih lica nalaze se izvan na\u0161eg podru\u010dja odgovornosti. Odbija se svaka odgovornost za sadr\u017eaj takvih web stranica. Pristup i kori\u0161tenje takvih stranica vr\u0161i se na vlastitu odgovornost korisnika.<\/p>\n<h3>Autorska prava<\/h3>\n<p>Autorska i sva druga prava na sadr\u017eaje, slike, fotografije ili druge datoteke na ovoj web stranici pripadaju isklju\u010divo Verein Islamische Gemeinschaft des Kantons Zug (D\u017eemat Zug) ili posebno navedenim nosiocima prava. Za reprodukciju bilo kojeg elementa potrebna je prethodna pismena saglasnost nosioca autorskih prava.<\/p>\n<h3>Izvor<\/h3>\n<p>Ovaj Impressum je izra\u0111en 01.03.2026. godine pomo\u0107u generatora Impressuma agencije <a href=\"https:\/\/webkoenig.ch\/\" target=\"_blank\" rel=\"noopener\">Webk\u00f6nig<\/a>. Agencija Webk\u00f6nig ne preuzima nikakvu odgovornost.[\/vc_column_text][\/vc_column][\/vc_row]<\/p>\n<\/div>","protected":false},"excerpt":{"rendered":"<p>[vc_row hide_bg_image_on_tablet=\u201d\u201d hide_bg_image_on_mobile=\u201d\u201d css=\u201d.vc_custom_1761492215478{background-color: #F7F8F900 !important;}\u201d][vc_column icons_position=\u201dleft\u201d][vc_empty_space height=\u201d3em\u201d alter_height=\u201dnone\u201d hide_on_desktop=\u201d\u201d hide_on_notebook=\u201d\u201d hide_on_tablet=\u201d\u201d hide_on_mobile=\u201d\u201d][vc_column_text css=\u201d\u201d] Kontakt adresa Verein Islamische Gemeinschaft des Kantons Zug Sumpfstrasse 1 6312&hellip;<\/p>\n","protected":false},"author":1,"featured_media":0,"parent":0,"menu_order":0,"comment_status":"closed","ping_status":"closed","template":"","meta":{"footnotes":""},"class_list":["post-5246","page","type-page","status-publish","hentry"],"yoast_head":"<!-- This site is optimized with the Yoast SEO plugin v27.4 - https:\/\/yoast.com\/product\/yoast-seo-wordpress\/ -->\n<title>Impresum | D\u017eemat Zug - Islamska zajednica Kantona Zug<\/title>\n<meta name=\"description\" content=\"Impresum D\u017eemata Zug - kontakt podaci, zastupnici, pravne informacije i odgovornost za sadr\u017eaj web stranice Islamske zajednice Kantona Zug.\" \/>\n<meta name=\"robots\" content=\"noindex, nofollow\" \/>\n<meta property=\"og:locale\" content=\"bs_BA\" \/>\n<meta property=\"og:type\" content=\"article\" \/>\n<meta property=\"og:title\" content=\"Impresum | D\u017eemat Zug - Islamska zajednica Kantona Zug\" \/>\n<meta property=\"og:description\" content=\"Impresum D\u017eemata Zug - kontakt podaci, zastupnici, pravne informacije i odgovornost za sadr\u017eaj web stranice Islamske zajednice Kantona Zug.\" \/>\n<meta property=\"og:url\" content=\"https:\/\/www.ig-zug.ch\/bs\/impresum\/\" \/>\n<meta property=\"og:site_name\" content=\"D\u017eemat Zug\" \/>\n<meta property=\"article:modified_time\" content=\"2026-03-03T20:46:50+00:00\" \/>\n<meta name=\"twitter:card\" content=\"summary_large_image\" \/>\n<meta name=\"twitter:label1\" content=\"Est. reading time\" \/>\n\t<meta name=\"twitter:data1\" content=\"2 minute\" \/>\n<script type=\"application\/ld+json\" class=\"yoast-schema-graph\">{\"@context\":\"https:\\\/\\\/schema.org\",\"@graph\":[{\"@type\":\"WebPage\",\"@id\":\"https:\\\/\\\/www.ig-zug.ch\\\/bs\\\/impresum\\\/\",\"url\":\"https:\\\/\\\/www.ig-zug.ch\\\/bs\\\/impresum\\\/\",\"name\":\"Impresum | D\u017eemat Zug - Islamska zajednica Kantona Zug\",\"isPartOf\":{\"@id\":\"https:\\\/\\\/www.ig-zug.ch\\\/bs\\\/#website\"},\"datePublished\":\"2026-03-01T20:42:11+00:00\",\"dateModified\":\"2026-03-03T20:46:50+00:00\",\"description\":\"Impresum D\u017eemata Zug - kontakt podaci, zastupnici, pravne informacije i odgovornost za sadr\u017eaj web stranice Islamske zajednice Kantona Zug.\",\"breadcrumb\":{\"@id\":\"https:\\\/\\\/www.ig-zug.ch\\\/bs\\\/impresum\\\/#breadcrumb\"},\"inLanguage\":\"bs-BA\",\"potentialAction\":[{\"@type\":\"ReadAction\",\"target\":[\"https:\\\/\\\/www.ig-zug.ch\\\/bs\\\/impresum\\\/\"]}]},{\"@type\":\"BreadcrumbList\",\"@id\":\"https:\\\/\\\/www.ig-zug.ch\\\/bs\\\/impresum\\\/#breadcrumb\",\"itemListElement\":[{\"@type\":\"ListItem\",\"position\":1,\"name\":\"Start\",\"item\":\"https:\\\/\\\/www.ig-zug.ch\\\/bs\\\/\"},{\"@type\":\"ListItem\",\"position\":2,\"name\":\"Impresum\"}]},{\"@type\":\"WebSite\",\"@id\":\"https:\\\/\\\/www.ig-zug.ch\\\/bs\\\/#website\",\"url\":\"https:\\\/\\\/www.ig-zug.ch\\\/bs\\\/\",\"name\":\"Verein IG des Kantons Zug\",\"description\":\"Bosnischer Kulturverein\",\"publisher\":{\"@id\":\"https:\\\/\\\/www.ig-zug.ch\\\/bs\\\/#organization\"},\"potentialAction\":[{\"@type\":\"SearchAction\",\"target\":{\"@type\":\"EntryPoint\",\"urlTemplate\":\"https:\\\/\\\/www.ig-zug.ch\\\/bs\\\/?s={search_term_string}\"},\"query-input\":{\"@type\":\"PropertyValueSpecification\",\"valueRequired\":true,\"valueName\":\"search_term_string\"}}],\"inLanguage\":\"bs-BA\"},{\"@type\":\"Organization\",\"@id\":\"https:\\\/\\\/www.ig-zug.ch\\\/bs\\\/#organization\",\"name\":\"D\u017eemat Zug\",\"url\":\"https:\\\/\\\/www.ig-zug.ch\\\/bs\\\/\",\"logo\":{\"@type\":\"ImageObject\",\"inLanguage\":\"bs-BA\",\"@id\":\"https:\\\/\\\/www.ig-zug.ch\\\/bs\\\/#\\\/schema\\\/logo\\\/image\\\/\",\"url\":\"https:\\\/\\\/www.ig-zug.ch\\\/wp-content\\\/uploads\\\/2026\\\/01\\\/DzZ_Logo_fullwhite.png\",\"contentUrl\":\"https:\\\/\\\/www.ig-zug.ch\\\/wp-content\\\/uploads\\\/2026\\\/01\\\/DzZ_Logo_fullwhite.png\",\"width\":250,\"height\":60,\"caption\":\"D\u017eemat Zug\"},\"image\":{\"@id\":\"https:\\\/\\\/www.ig-zug.ch\\\/bs\\\/#\\\/schema\\\/logo\\\/image\\\/\"}}]}<\/script>\n<!-- \/ Yoast SEO plugin. -->","yoast_head_json":{"title":"Impresum | D\u017eemat Zug - Islamska zajednica Kantona Zug","description":"Impresum D\u017eemata Zug - kontakt podaci, zastupnici, pravne informacije i odgovornost za sadr\u017eaj web stranice Islamske zajednice Kantona Zug.","robots":{"index":"noindex","follow":"nofollow"},"og_locale":"bs_BA","og_type":"article","og_title":"Impresum | D\u017eemat Zug - Islamska zajednica Kantona Zug","og_description":"Impresum D\u017eemata Zug - kontakt podaci, zastupnici, pravne informacije i odgovornost za sadr\u017eaj web stranice Islamske zajednice Kantona Zug.","og_url":"https:\/\/www.ig-zug.ch\/bs\/impresum\/","og_site_name":"D\u017eemat Zug","article_modified_time":"2026-03-03T20:46:50+00:00","twitter_card":"summary_large_image","twitter_misc":{"Est. reading time":"2 minute"},"schema":{"@context":"https:\/\/schema.org","@graph":[{"@type":"WebPage","@id":"https:\/\/www.ig-zug.ch\/bs\/impresum\/","url":"https:\/\/www.ig-zug.ch\/bs\/impresum\/","name":"Impresum | D\u017eemat Zug - Islamska zajednica Kantona Zug","isPartOf":{"@id":"https:\/\/www.ig-zug.ch\/bs\/#website"},"datePublished":"2026-03-01T20:42:11+00:00","dateModified":"2026-03-03T20:46:50+00:00","description":"Impresum D\u017eemata Zug - kontakt podaci, zastupnici, pravne informacije i odgovornost za sadr\u017eaj web stranice Islamske zajednice Kantona Zug.","breadcrumb":{"@id":"https:\/\/www.ig-zug.ch\/bs\/impresum\/#breadcrumb"},"inLanguage":"bs-BA","potentialAction":[{"@type":"ReadAction","target":["https:\/\/www.ig-zug.ch\/bs\/impresum\/"]}]},{"@type":"BreadcrumbList","@id":"https:\/\/www.ig-zug.ch\/bs\/impresum\/#breadcrumb","itemListElement":[{"@type":"ListItem","position":1,"name":"Start","item":"https:\/\/www.ig-zug.ch\/bs\/"},{"@type":"ListItem","position":2,"name":"Impresum"}]},{"@type":"WebSite","@id":"https:\/\/www.ig-zug.ch\/bs\/#website","url":"https:\/\/www.ig-zug.ch\/bs\/","name":"Verein IG des Kantons Zug","description":"Bosnischer Kulturverein","publisher":{"@id":"https:\/\/www.ig-zug.ch\/bs\/#organization"},"potentialAction":[{"@type":"SearchAction","target":{"@type":"EntryPoint","urlTemplate":"https:\/\/www.ig-zug.ch\/bs\/?s={search_term_string}"},"query-input":{"@type":"PropertyValueSpecification","valueRequired":true,"valueName":"search_term_string"}}],"inLanguage":"bs-BA"},{"@type":"Organization","@id":"https:\/\/www.ig-zug.ch\/bs\/#organization","name":"D\u017eemat Zug","url":"https:\/\/www.ig-zug.ch\/bs\/","logo":{"@type":"ImageObject","inLanguage":"bs-BA","@id":"https:\/\/www.ig-zug.ch\/bs\/#\/schema\/logo\/image\/","url":"https:\/\/www.ig-zug.ch\/wp-content\/uploads\/2026\/01\/DzZ_Logo_fullwhite.png","contentUrl":"https:\/\/www.ig-zug.ch\/wp-content\/uploads\/2026\/01\/DzZ_Logo_fullwhite.png","width":250,"height":60,"caption":"D\u017eemat Zug"},"image":{"@id":"https:\/\/www.ig-zug.ch\/bs\/#\/schema\/logo\/image\/"}}]}},"_links":{"self":[{"href":"https:\/\/www.ig-zug.ch\/bs\/wp-json\/wp\/v2\/pages\/5246","targetHints":{"allow":["GET"]}}],"collection":[{"href":"https:\/\/www.ig-zug.ch\/bs\/wp-json\/wp\/v2\/pages"}],"about":[{"href":"https:\/\/www.ig-zug.ch\/bs\/wp-json\/wp\/v2\/types\/page"}],"author":[{"embeddable":true,"href":"https:\/\/www.ig-zug.ch\/bs\/wp-json\/wp\/v2\/users\/1"}],"replies":[{"embeddable":true,"href":"https:\/\/www.ig-zug.ch\/bs\/wp-json\/wp\/v2\/comments?post=5246"}],"version-history":[{"count":3,"href":"https:\/\/www.ig-zug.ch\/bs\/wp-json\/wp\/v2\/pages\/5246\/revisions"}],"predecessor-version":[{"id":5381,"href":"https:\/\/www.ig-zug.ch\/bs\/wp-json\/wp\/v2\/pages\/5246\/revisions\/5381"}],"wp:attachment":[{"href":"https:\/\/www.ig-zug.ch\/bs\/wp-json\/wp\/v2\/media?parent=5246"}],"curies":[{"name":"wp","href":"https:\/\/api.w.org\/{rel}","templated":true}]}}