{"id":4923,"date":"2026-02-16T15:48:01","date_gmt":"2026-02-16T14:48:01","guid":{"rendered":"https:\/\/www.ig-zug.ch\/?page_id=4923"},"modified":"2026-03-05T23:04:42","modified_gmt":"2026-03-05T22:04:42","slug":"sekcije","status":"publish","type":"page","link":"https:\/\/www.ig-zug.ch\/bs\/sekcije\/","title":{"rendered":"Sekcije"},"content":{"rendered":"<div class=\"wpb-content-wrapper\"><p>[vc_row hide_bg_image_on_tablet=\u201d\u201d hide_bg_image_on_mobile=\u201d\u201d css=\u201d.vc_custom_1771492392769{margin-top: 10em !important;margin-bottom: 10em !important;}\u201d el_class=\u201dmobilesmargin\u201d][vc_column]<div id=\"sc_icons_854013553\" \n\tclass=\"sc_icons sc_icons_default sc_icons_size_small sc_align_center  vc_custom_1507306720447\"><div class=\"sc_icons_item\"><div id=\"sc_icons_854013553_icon-icon-shaha-00\" class=\"sc_icons_icon sc_icon_type_ icon-icon-shaha-00\"\n\t\t\t\t\t\t\t\t\t\t\t\t><span class=\"sc_icon_type_ icon-icon-shaha-00\"><\/span><\/div><\/div><\/div><!-- \/.sc_icons --><div id=\"sc_title_1540991400\"\n\t\tclass=\"sc_title color_style_default sc_title_default\"><h6 class=\"sc_item_subtitle sc_title_subtitle sc_align_center sc_item_title_style_default\">Sekcije<\/h6><h1 class=\"sc_item_title sc_title_title sc_align_center sc_item_title_style_default sc_item_title_tag\">\u017divot D\u017eemata<\/h1><div class=\"sc_item_descr sc_title_descr sc_align_center\"><p>\u017divot D\u017eemata Zug ogleda se u zajedni\u0161tvu, aktivnom u\u010de\u0161\u0107u i svakodnevnim susretima koji povezuju ljude razli\u010ditih generacija. Pored vjerskih obreda, d\u017eemat je i prostor u\u010denja, odgoja, dru\u017eenja i me\u0111usobne podr\u0161ke.<\/p>\n<p>Kroz razli\u010dite aktivnosti i organizacione cjeline, D\u017eemat Zug nastoji ponuditi sadr\u017eaje koji ja\u010daju vjeru, identitet i osje\u0107aj pripadnosti, ali istovremeno poti\u010du otvorenost, dijalog i aktivno u\u010de\u0161\u0107e u dru\u0161tvu u kojem \u017eivimo.<\/p>\n<\/div><\/div><!-- \/.sc_title --><div class=\"sc_item_button sc_button_wrap sc_align_center\"><a href=\"#znacaj\" id=\"sc_button_654226615\" class=\"sc_button color_style_default sc_button_default  vc_custom_1770675490174 sc_button_size_normal sc_button_icon_left\"><span class=\"sc_button_text\"><span class=\"sc_button_title\">Saznaj vi\u0161e<\/span><\/span><!-- \/.sc_button_text --><\/a><!-- \/.sc_button --><\/div><!-- \/.sc_item_button -->[\/vc_column][\/vc_row][vc_row full_width=\u201dstretch_row\u201d hide_bg_image_on_tablet=\u201d\u201d hide_bg_image_on_mobile=\u201d\u201d css=\u201d.vc_custom_1772304526714{padding-top: 15em !important;padding-bottom: 15em !important;background-image: url(https:\/\/www.ig-zug.ch\/wp-content\/uploads\/mesjid-details.webp?id=5115) !important;background-position: center !important;background-repeat: no-repeat !important;background-size: cover !important;}\u201d el_id=\u201dznacaj\u201d el_class=\u201dmobilespace\u201d][vc_column width=\u201d1\/2\u201d icons_position=\u201dleft\u201d][\/vc_column][vc_column width=\u201d1\/2\u201d icons_position=\u201dleft\u201d]<div id=\"sc_title_279574712\"\n\t\tclass=\"sc_title color_style_default scheme_dark sc_title_default\"><h3 class=\"sc_item_title sc_title_title sc_align_left sc_item_title_style_default\">Zajednica koja povezuje<\/h3><div class=\"sc_item_descr sc_title_descr sc_align_left\"><p>\u017divot d\u017eemata obuhvata rad s djecom, mladima, \u017eenama i porodicama te pru\u017ea prostor u kojem se razvijaju me\u0111usobno povjerenje, solidarnost i odgovornost.<\/p>\n<p>Svaka generacija ima svoje mjesto i svoju ulogu u izgradnji zajednice. Aktivnosti se odvijaju u duhu islamskih vrijednosti, uz po\u0161tivanje kulturne raznolikosti i dru\u0161tvenog okru\u017eenja \u0160vicarske.<\/p>\n<\/div><\/div><!-- \/.sc_title -->[\/vc_column][\/vc_row][vc_row full_width=\u201dstretch_row\u201d hide_bg_image_on_tablet=\u201d\u201d hide_bg_image_on_mobile=\u201d\u201d css=\u201d.vc_custom_1772304571362{padding-top: 15em !important;padding-bottom: 15em !important;background-image: url(https:\/\/www.ig-zug.ch\/wp-content\/uploads\/details-mesjid.webp?id=5125) !important;background-position: center !important;background-repeat: no-repeat !important;background-size: cover !important;}\u201d el_id=\u201dumra\u201d el_class=\u201dmobilespace\u201d][vc_column width=\u201d1\/2\u201d icons_position=\u201dleft\u201d]<div id=\"sc_title_1768586169\"\n\t\tclass=\"sc_title color_style_default sc_title_default\"><h3 class=\"sc_item_title sc_title_title sc_align_left sc_item_title_style_default\">Podru\u010dja djelovanja<\/h3><\/div><!-- \/.sc_title -->[vc_column_text css=\u201d.vc_custom_1772748215312{padding-top: 2em !important;padding-bottom: 2em !important;}\u201d]\u017divot D\u017eemata Zug organizovan je kroz nekoliko va\u017enih oblasti, od kojih svaka doprinosi razvoju zajedni\u010dkog \u017eivota:<\/p>\n<ul>\n<li><a href=\"\/sekcije\/omladina\" target=\"_blank\" rel=\"noopener\"><strong>Udru\u017eenje omladine<\/strong><\/a> \u2013 prostor okupljanja, razvoja i anga\u017emana mladih<\/li>\n<li><a href=\"\/sekcije\/nahla\" target=\"_blank\" rel=\"noopener\"><strong>Udru\u017eenje \u017eena \u00abNahla\u00bb<\/strong><\/a> \u2013 vjerski, kulturni i dru\u0161tveni doprinos \u017eena<\/li>\n<li><a href=\"\/sekcije\/mekteb\" target=\"_blank\" rel=\"noopener\"><strong>Mekteb<\/strong><\/a> \u2013 vjerski odgoj i obrazovanje djece i mladih<\/li>\n<li><a href=\"\/sekcije\/kultura-i-sport\" target=\"_blank\" rel=\"noopener\"><strong>Kultura i sport<\/strong><\/a> \u2013 aktivnosti koje ja\u010daju zajedni\u0161tvo, zdravlje i dru\u0161tvenu integraciju<\/li>\n<\/ul>\n<p>Svaka od ovih oblasti ima svoju posebnu ulogu i doprinosi bogatstvu \u017eivota d\u017eemata.[\/vc_column_text][\/vc_column][vc_column width=\u201d1\/2\u201d icons_position=\u201dleft\u201d][\/vc_column][\/vc_row][vc_row full_width=\u201dstretch_row\u201d hide_bg_image_on_tablet=\u201d\u201d hide_bg_image_on_mobile=\u201d\u201d css=\u201d.vc_custom_1772304608018{padding-top: 15em !important;padding-bottom: 15em !important;background-image: url(https:\/\/www.ig-zug.ch\/wp-content\/uploads\/moebel-details.webp?id=5118) !important;background-position: center !important;background-repeat: no-repeat !important;background-size: cover !important;}\u201d el_id=\u201dorganizacija\u201d el_class=\u201dmobilespace\u201d][vc_column width=\u201d1\/2\u201d icons_position=\u201dleft\u201d][\/vc_column][vc_column width=\u201d1\/2\u201d icons_position=\u201dleft\u201d]<div id=\"sc_title_1520085039\"\n\t\tclass=\"sc_title color_style_default scheme_dark sc_title_default\"><h3 class=\"sc_item_title sc_title_title sc_align_left sc_item_title_style_default\">Otvorenost i uklju\u010denost<\/h3><div class=\"sc_item_descr sc_title_descr sc_align_left\"><p>\u017divot d\u017eemata nije zatvoren unutar vlastite zajednice. Naprotiv, on je otvoren prema porodicama, gostima, \u0161kolama i drugim institucijama.<\/p>\n<p>Kroz zajedni\u010dke aktivnosti, susrete i projekte, D\u017eemat Zug gradi mostove razumijevanja i aktivno u\u010destvuje u multikulturnom dru\u0161tvu.<\/p>\n<\/div><\/div><!-- \/.sc_title -->[\/vc_column][\/vc_row][vc_row hide_bg_image_on_tablet=\u201d\u201d hide_bg_image_on_mobile=\u201d\u201d css=\u201d.vc_custom_1771492499654{margin-top: 10em !important;margin-bottom: 10em !important;}\u201d el_class=\u201dmobilesmargin\u201d][vc_column]<div id=\"sc_title_1522735498\"\n\t\tclass=\"sc_title color_style_default sc_title_default\"><h1 class=\"sc_item_title sc_title_title sc_align_center sc_item_title_style_default sc_item_title_tag\">Poziv na u\u010de\u0161\u0107e<\/h1><div class=\"sc_item_descr sc_title_descr sc_align_center\"><p>\u017divot D\u017eemata Zug oblikuju ljudi - njihova energija, ideje i spremnost da se uklju\u010de.<\/p>\n<p>Svako, u skladu sa svojim interesima i mogu\u0107nostima, mo\u017ee prona\u0107i svoje mjesto u zajednici. Pozivamo vas da upoznate pojedine segmente \u017eivota d\u017eemata i saznate vi\u0161e o aktivnostima koje se tokom godine organizuju u na\u0161oj zajednici.<\/p>\n<\/div><\/div><!-- \/.sc_title -->[\/vc_column][\/vc_row]<\/p>\n<\/div>","protected":false},"excerpt":{"rendered":"<p>[vc_row hide_bg_image_on_tablet=\u201d\u201d hide_bg_image_on_mobile=\u201d\u201d css=\u201d.vc_custom_1771492392769{margin-top: 10em !important;margin-bottom: 10em !important;}\u201d el_class=\u201dmobilesmargin\u201d][vc_column][\/vc_column][\/vc_row][vc_row full_width=\u201dstretch_row\u201d hide_bg_image_on_tablet=\u201d\u201d hide_bg_image_on_mobile=\u201d\u201d css=\u201d.vc_custom_1772304526714{padding-top: 15em !important;padding-bottom: 15em !important;background-image: url(https:\/\/www.ig-zug.ch\/wp-content\/uploads\/mesjid-details.webp?id=5115) !important;background-position: center !important;background-repeat: no-repeat !important;background-size: cover !important;}\u201d&hellip;<\/p>\n","protected":false},"author":1,"featured_media":0,"parent":0,"menu_order":0,"comment_status":"closed","ping_status":"closed","template":"","meta":{"footnotes":""},"class_list":["post-4923","page","type-page","status-publish","hentry"],"yoast_head":"<!-- This site is optimized with the Yoast SEO plugin v27.4 - https:\/\/yoast.com\/product\/yoast-seo-wordpress\/ -->\n<title>Sekcije | Aktivnosti i udru\u017eenja D\u017eemata Zug<\/title>\n<meta name=\"description\" content=\"Upoznajte sekcije D\u017eemata Zug: omladinu, udru\u017eenje \u017eena i druge organizovane aktivnosti koje ja\u010daju zajedni\u0161tvo i aktivno u\u010de\u0161\u0107e u na\u0161oj zajednici.\" \/>\n<meta name=\"robots\" content=\"index, follow, max-snippet:-1, max-image-preview:large, max-video-preview:-1\" \/>\n<link rel=\"canonical\" href=\"https:\/\/www.ig-zug.ch\/bs\/sekcije\/\" \/>\n<meta property=\"og:locale\" content=\"bs_BA\" \/>\n<meta property=\"og:type\" content=\"article\" \/>\n<meta property=\"og:title\" content=\"Sekcije | Aktivnosti i udru\u017eenja D\u017eemata Zug\" \/>\n<meta property=\"og:description\" content=\"Upoznajte sekcije D\u017eemata Zug: omladinu, udru\u017eenje \u017eena i druge organizovane aktivnosti koje ja\u010daju zajedni\u0161tvo i aktivno u\u010de\u0161\u0107e u na\u0161oj zajednici.\" \/>\n<meta property=\"og:url\" content=\"https:\/\/www.ig-zug.ch\/bs\/sekcije\/\" \/>\n<meta property=\"og:site_name\" content=\"D\u017eemat Zug\" \/>\n<meta property=\"article:modified_time\" content=\"2026-03-05T22:04:42+00:00\" \/>\n<meta name=\"twitter:card\" content=\"summary_large_image\" \/>\n<meta name=\"twitter:label1\" content=\"Est. reading time\" \/>\n\t<meta name=\"twitter:data1\" content=\"3 minute\" \/>\n<script type=\"application\/ld+json\" class=\"yoast-schema-graph\">{\"@context\":\"https:\\\/\\\/schema.org\",\"@graph\":[{\"@type\":\"WebPage\",\"@id\":\"https:\\\/\\\/www.ig-zug.ch\\\/bs\\\/sekcije\\\/\",\"url\":\"https:\\\/\\\/www.ig-zug.ch\\\/bs\\\/sekcije\\\/\",\"name\":\"Sekcije | Aktivnosti i udru\u017eenja D\u017eemata Zug\",\"isPartOf\":{\"@id\":\"https:\\\/\\\/www.ig-zug.ch\\\/bs\\\/#website\"},\"datePublished\":\"2026-02-16T14:48:01+00:00\",\"dateModified\":\"2026-03-05T22:04:42+00:00\",\"description\":\"Upoznajte sekcije D\u017eemata Zug: omladinu, udru\u017eenje \u017eena i druge organizovane aktivnosti koje ja\u010daju zajedni\u0161tvo i aktivno u\u010de\u0161\u0107e u na\u0161oj zajednici.\",\"breadcrumb\":{\"@id\":\"https:\\\/\\\/www.ig-zug.ch\\\/bs\\\/sekcije\\\/#breadcrumb\"},\"inLanguage\":\"bs-BA\",\"potentialAction\":[{\"@type\":\"ReadAction\",\"target\":[\"https:\\\/\\\/www.ig-zug.ch\\\/bs\\\/sekcije\\\/\"]}]},{\"@type\":\"BreadcrumbList\",\"@id\":\"https:\\\/\\\/www.ig-zug.ch\\\/bs\\\/sekcije\\\/#breadcrumb\",\"itemListElement\":[{\"@type\":\"ListItem\",\"position\":1,\"name\":\"Start\",\"item\":\"https:\\\/\\\/www.ig-zug.ch\\\/bs\\\/\"},{\"@type\":\"ListItem\",\"position\":2,\"name\":\"Sekcije\"}]},{\"@type\":\"WebSite\",\"@id\":\"https:\\\/\\\/www.ig-zug.ch\\\/bs\\\/#website\",\"url\":\"https:\\\/\\\/www.ig-zug.ch\\\/bs\\\/\",\"name\":\"Verein IG des Kantons Zug\",\"description\":\"Bosnischer Kulturverein\",\"publisher\":{\"@id\":\"https:\\\/\\\/www.ig-zug.ch\\\/bs\\\/#organization\"},\"potentialAction\":[{\"@type\":\"SearchAction\",\"target\":{\"@type\":\"EntryPoint\",\"urlTemplate\":\"https:\\\/\\\/www.ig-zug.ch\\\/bs\\\/?s={search_term_string}\"},\"query-input\":{\"@type\":\"PropertyValueSpecification\",\"valueRequired\":true,\"valueName\":\"search_term_string\"}}],\"inLanguage\":\"bs-BA\"},{\"@type\":\"Organization\",\"@id\":\"https:\\\/\\\/www.ig-zug.ch\\\/bs\\\/#organization\",\"name\":\"D\u017eemat Zug\",\"url\":\"https:\\\/\\\/www.ig-zug.ch\\\/bs\\\/\",\"logo\":{\"@type\":\"ImageObject\",\"inLanguage\":\"bs-BA\",\"@id\":\"https:\\\/\\\/www.ig-zug.ch\\\/bs\\\/#\\\/schema\\\/logo\\\/image\\\/\",\"url\":\"https:\\\/\\\/www.ig-zug.ch\\\/wp-content\\\/uploads\\\/2026\\\/01\\\/DzZ_Logo_fullwhite.png\",\"contentUrl\":\"https:\\\/\\\/www.ig-zug.ch\\\/wp-content\\\/uploads\\\/2026\\\/01\\\/DzZ_Logo_fullwhite.png\",\"width\":250,\"height\":60,\"caption\":\"D\u017eemat Zug\"},\"image\":{\"@id\":\"https:\\\/\\\/www.ig-zug.ch\\\/bs\\\/#\\\/schema\\\/logo\\\/image\\\/\"}}]}<\/script>\n<!-- \/ Yoast SEO plugin. -->","yoast_head_json":{"title":"Sekcije | Aktivnosti i udru\u017eenja D\u017eemata Zug","description":"Upoznajte sekcije D\u017eemata Zug: omladinu, udru\u017eenje \u017eena i druge organizovane aktivnosti koje ja\u010daju zajedni\u0161tvo i aktivno u\u010de\u0161\u0107e u na\u0161oj zajednici.","robots":{"index":"index","follow":"follow","max-snippet":"max-snippet:-1","max-image-preview":"max-image-preview:large","max-video-preview":"max-video-preview:-1"},"canonical":"https:\/\/www.ig-zug.ch\/bs\/sekcije\/","og_locale":"bs_BA","og_type":"article","og_title":"Sekcije | Aktivnosti i udru\u017eenja D\u017eemata Zug","og_description":"Upoznajte sekcije D\u017eemata Zug: omladinu, udru\u017eenje \u017eena i druge organizovane aktivnosti koje ja\u010daju zajedni\u0161tvo i aktivno u\u010de\u0161\u0107e u na\u0161oj zajednici.","og_url":"https:\/\/www.ig-zug.ch\/bs\/sekcije\/","og_site_name":"D\u017eemat Zug","article_modified_time":"2026-03-05T22:04:42+00:00","twitter_card":"summary_large_image","twitter_misc":{"Est. reading time":"3 minute"},"schema":{"@context":"https:\/\/schema.org","@graph":[{"@type":"WebPage","@id":"https:\/\/www.ig-zug.ch\/bs\/sekcije\/","url":"https:\/\/www.ig-zug.ch\/bs\/sekcije\/","name":"Sekcije | Aktivnosti i udru\u017eenja D\u017eemata Zug","isPartOf":{"@id":"https:\/\/www.ig-zug.ch\/bs\/#website"},"datePublished":"2026-02-16T14:48:01+00:00","dateModified":"2026-03-05T22:04:42+00:00","description":"Upoznajte sekcije D\u017eemata Zug: omladinu, udru\u017eenje \u017eena i druge organizovane aktivnosti koje ja\u010daju zajedni\u0161tvo i aktivno u\u010de\u0161\u0107e u na\u0161oj zajednici.","breadcrumb":{"@id":"https:\/\/www.ig-zug.ch\/bs\/sekcije\/#breadcrumb"},"inLanguage":"bs-BA","potentialAction":[{"@type":"ReadAction","target":["https:\/\/www.ig-zug.ch\/bs\/sekcije\/"]}]},{"@type":"BreadcrumbList","@id":"https:\/\/www.ig-zug.ch\/bs\/sekcije\/#breadcrumb","itemListElement":[{"@type":"ListItem","position":1,"name":"Start","item":"https:\/\/www.ig-zug.ch\/bs\/"},{"@type":"ListItem","position":2,"name":"Sekcije"}]},{"@type":"WebSite","@id":"https:\/\/www.ig-zug.ch\/bs\/#website","url":"https:\/\/www.ig-zug.ch\/bs\/","name":"Verein IG des Kantons Zug","description":"Bosnischer Kulturverein","publisher":{"@id":"https:\/\/www.ig-zug.ch\/bs\/#organization"},"potentialAction":[{"@type":"SearchAction","target":{"@type":"EntryPoint","urlTemplate":"https:\/\/www.ig-zug.ch\/bs\/?s={search_term_string}"},"query-input":{"@type":"PropertyValueSpecification","valueRequired":true,"valueName":"search_term_string"}}],"inLanguage":"bs-BA"},{"@type":"Organization","@id":"https:\/\/www.ig-zug.ch\/bs\/#organization","name":"D\u017eemat Zug","url":"https:\/\/www.ig-zug.ch\/bs\/","logo":{"@type":"ImageObject","inLanguage":"bs-BA","@id":"https:\/\/www.ig-zug.ch\/bs\/#\/schema\/logo\/image\/","url":"https:\/\/www.ig-zug.ch\/wp-content\/uploads\/2026\/01\/DzZ_Logo_fullwhite.png","contentUrl":"https:\/\/www.ig-zug.ch\/wp-content\/uploads\/2026\/01\/DzZ_Logo_fullwhite.png","width":250,"height":60,"caption":"D\u017eemat Zug"},"image":{"@id":"https:\/\/www.ig-zug.ch\/bs\/#\/schema\/logo\/image\/"}}]}},"_links":{"self":[{"href":"https:\/\/www.ig-zug.ch\/bs\/wp-json\/wp\/v2\/pages\/4923","targetHints":{"allow":["GET"]}}],"collection":[{"href":"https:\/\/www.ig-zug.ch\/bs\/wp-json\/wp\/v2\/pages"}],"about":[{"href":"https:\/\/www.ig-zug.ch\/bs\/wp-json\/wp\/v2\/types\/page"}],"author":[{"embeddable":true,"href":"https:\/\/www.ig-zug.ch\/bs\/wp-json\/wp\/v2\/users\/1"}],"replies":[{"embeddable":true,"href":"https:\/\/www.ig-zug.ch\/bs\/wp-json\/wp\/v2\/comments?post=4923"}],"version-history":[{"count":10,"href":"https:\/\/www.ig-zug.ch\/bs\/wp-json\/wp\/v2\/pages\/4923\/revisions"}],"predecessor-version":[{"id":5609,"href":"https:\/\/www.ig-zug.ch\/bs\/wp-json\/wp\/v2\/pages\/4923\/revisions\/5609"}],"wp:attachment":[{"href":"https:\/\/www.ig-zug.ch\/bs\/wp-json\/wp\/v2\/media?parent=4923"}],"curies":[{"name":"wp","href":"https:\/\/api.w.org\/{rel}","templated":true}]}}