{"id":37,"date":"2017-07-10T14:42:04","date_gmt":"2017-07-10T14:42:04","guid":{"rendered":"https:\/\/www.ig-zug.ch\/?page_id=37"},"modified":"2026-03-05T23:39:40","modified_gmt":"2026-03-05T22:39:40","slug":"kontakt","status":"publish","type":"page","link":"https:\/\/www.ig-zug.ch\/bs\/kontakt\/","title":{"rendered":"Kontakt"},"content":{"rendered":"<div class=\"wpb-content-wrapper\"><p>[vc_row el_class=\u201dreverse-col-on-mobile\u201d][vc_column width=\u201d1\/2\u201d]<div id=\"sc_title_1198871351\"\n\t\tclass=\"sc_title color_style_default sc_title_default\"><h3 class=\"sc_item_title sc_title_title sc_align_left sc_item_title_style_default\">Kontakt<\/h3><\/div><!-- \/.sc_title -->[vc_column_text css=\u201d.vc_custom_1772750266566{margin-top: 3.3em !important;padding-bottom: 3.9rem !important;}\u201d]D\u017eemat Zug vidi susret, dijalog i razmjenu znanja kao va\u017ean dio svog djelovanja. Na\u0161a vrata su otvorena svima koji \u017eele upoznati islam, na\u0161u zajednicu i vrijednosti koje \u017eivimo u svakodnevnom \u017eivotu.<\/p>\n<p>Za jednostavnu i brzu komunikaciju mo\u017eete koristiti kontakt formu. Molimo vas da u poruci navedete \u0161to vi\u0161e relevantnih informacija kako bismo vam mogli odgovoriti u najkra\u0107em mogu\u0107em roku.<\/p>\n<p>Radujemo se va\u0161em kontaktu.[\/vc_column_text]\n<div class=\"wpcf7 no-js\" id=\"wpcf7-f798-o1\" lang=\"bs-BA\" dir=\"ltr\" data-wpcf7-id=\"798\">\n<div class=\"screen-reader-response\"><p role=\"status\" aria-live=\"polite\" aria-atomic=\"true\"><\/p> <ul><\/ul><\/div>\n<form action=\"\/bs\/wp-json\/wp\/v2\/pages\/37#wpcf7-f798-o1\" method=\"post\" class=\"wpcf7-form init\" aria-label=\"Kontakt obrazac\" novalidate=\"novalidate\" data-status=\"init\">\n<fieldset class=\"hidden-fields-container\"><input type=\"hidden\" name=\"_wpcf7\" value=\"798\" \/><input type=\"hidden\" name=\"_wpcf7_version\" value=\"6.1.5\" \/><input type=\"hidden\" name=\"_wpcf7_locale\" value=\"bs_BA\" \/><input type=\"hidden\" name=\"_wpcf7_unit_tag\" value=\"wpcf7-f798-o1\" \/><input type=\"hidden\" name=\"_wpcf7_container_post\" value=\"0\" \/><input type=\"hidden\" name=\"_wpcf7_posted_data_hash\" value=\"\" \/>\n<\/fieldset>\n<div class=\"flex\">\n<div class='itm row' ><span class=\"wpcf7-form-control-wrap\" data-name=\"your-name\"><input size=\"40\" maxlength=\"400\" class=\"wpcf7-form-control wpcf7-text wpcf7-validates-as-required\" aria-required=\"true\" aria-invalid=\"false\" placeholder=\"Va\u0161e ime i prezime*\" value=\"\" type=\"text\" name=\"your-name\" \/><\/span><\/div> \n<div class='itm row'><span class=\"wpcf7-form-control-wrap\" data-name=\"your-email\"><input size=\"40\" maxlength=\"400\" class=\"wpcf7-form-control wpcf7-email wpcf7-validates-as-required wpcf7-text wpcf7-validates-as-email\" aria-required=\"true\" aria-invalid=\"false\" placeholder=\"Va\u0161a e-mail*\" value=\"\" type=\"email\" name=\"your-email\" \/><\/span><\/div><\/div>\n<div class=''><span class=\"wpcf7-form-control-wrap\" data-name=\"your-message\"><textarea cols=\"40\" rows=\"10\" maxlength=\"2000\" class=\"wpcf7-form-control wpcf7-textarea wpcf7-validates-as-required\" aria-required=\"true\" aria-invalid=\"false\" placeholder=\"Va\u0161a poruka*\" name=\"your-message\"><\/textarea><\/span><\/div> \n<div class=\"sc_form_field sc_form_field_button sc_form_field_submit\"><span class=\"wpcf7-form-control-wrap\" data-name=\"hcap-cf7\">\t\t<input\n\t\t\t\ttype=\"hidden\"\n\t\t\t\tclass=\"hcaptcha-widget-id\"\n\t\t\t\tname=\"hcaptcha-widget-id\"\n\t\t\t\tvalue=\"eyJzb3VyY2UiOlsiY29udGFjdC1mb3JtLTdcL3dwLWNvbnRhY3QtZm9ybS03LnBocCJdLCJmb3JtX2lkIjo3OTh9-31424b6dab9a7f7393fef76d6f7e3f58\">\n\t\t\t\t<span id=\"hcap_cf7-69ef1fae40c513.87649340\" class=\"wpcf7-form-control h-captcha \"\n\t\t\tdata-sitekey=\"6bd61dc0-31b2-4f58-8346-99c6701ab7c8\"\n\t\t\tdata-theme=\"light\"\n\t\t\tdata-size=\"normal\"\n\t\t\tdata-auto=\"false\"\n\t\t\tdata-ajax=\"false\"\n\t\t\tdata-force=\"true\">\n\t\t<\/span>\n\t\t<input type=\"hidden\" id=\"_wpnonce\" name=\"_wpnonce\" value=\"9f27822560\" \/><input type=\"hidden\" name=\"_wp_http_referer\" value=\"\/bs\/wp-json\/wp\/v2\/pages\/37\" \/>\t\t<label for=\"hcap_hp_CJU9MTVsptyL\"><\/label>\n\t\t<input\n\t\t\t\ttype=\"text\" id=\"hcap_hp_CJU9MTVsptyL\" name=\"hcap_hp_CJU9MTVsptyL\" value=\"\"\n\t\t\t\treadonly inputmode=\"none\" autocomplete=\"new-password\" tabindex=\"-1\" aria-hidden=\"true\"\n\t\t\t\tstyle=\"position:absolute; left:-9999px; top:auto; height:0; width:0; opacity:0;\"\/>\n\t\t<input type=\"hidden\" name=\"hcap_hp_sig\" value=\"850d840c94\"\/>\n\t\t<\/span><input class=\"wpcf7-form-control wpcf7-submit has-spinner\" type=\"submit\" value=\"Po\u0161alji\" \/><\/div><div class=\"wpcf7-response-output\" aria-hidden=\"true\"><\/div>\n<\/form>\n<\/div>\n[\/vc_column][vc_column width=\u201d1\/2\u201d hide_bg_image_on_tablet=\u201d\u201d hide_bg_image_on_mobile=\u201d\u201d css=\u201d.vc_custom_1508853593195{margin-bottom: 2em !important;}\u201d]<div id=\"sc_title_210808614\"\n\t\tclass=\"sc_title color_style_default sc_title_default\"><h3 class=\"sc_item_title sc_title_title sc_align_left sc_item_title_style_default\">Lokacija<\/h3><\/div><!-- \/.sc_title -->[vc_column_text css=\u201d.vc_custom_1771258952863{margin-top: 3.3em !important;}\u201d]<b>Verein Islamische Gemeinschaft des Kantons Zug<\/b><br \/>\nSumpfstrasse 1<br \/>\n6312 Steinhausen[\/vc_column_text]<div id=\"sc_googlemap_972218436_wrap\" class=\"sc_googlemap_wrap\"><div id=\"sc_googlemap_972218436\"\n\t\t\tclass=\"sc_googlemap sc_googlemap_default  vc_custom_1771259013005\"\n\t\t\t style=\"width:100%;height:340px;\"\t\t\tdata-zoom=\"14\"\n\t\t\tdata-style=\"shaha\"\n\t\t\tdata-cluster-icon=\"\"\n        > <div class=\"brlbs-cmpnt-container brlbs-cmpnt-content-blocker brlbs-cmpnt-with-individual-styles\" data-borlabs-cookie-content-blocker-id=\"default\" data-borlabs-cookie-content=\"PGlmcmFtZQogICAgICAgICAgICAgICAgICAgIHNyYz0iaHR0cHM6Ly9tYXBzLmdvb2dsZS5jb20vbWFwcz90PW0mb3V0cHV0PWVtYmVkJml3bG9jPW5lYXImej0xNCZxPVN1bXBmc3RyYXNzZSsxJTJDKzYzMTIrU3RlaW5oYXVzZW4lMkMrU3dpdHplcmxhbmQiCiAgICAgICAgICAgICAgICAgICAgc2Nyb2xsaW5nPSJubyIKICAgICAgICAgICAgICAgICAgICBtYXJnaW5oZWlnaHQ9IjAiCiAgICAgICAgICAgICAgICAgICAgbWFyZ2lud2lkdGg9IjAiCiAgICAgICAgICAgICAgICAgICAgZnJhbWVib3JkZXI9IjAiCiAgICAgICAgICAgICAgICAgICAgYXJpYS1sYWJlbD0iIj48L2lmcmFtZT4=\"><div class=\"brlbs-cmpnt-cb-preset-a\"> <p class=\"brlbs-cmpnt-cb-description\">You are currently viewing a placeholder content from <strong>Default<\/strong>. To access the actual content, click the button below. Please note that doing so will share data with third-party providers.<\/p> <div class=\"brlbs-cmpnt-cb-buttons\"> <a class=\"brlbs-cmpnt-cb-btn\" href=\"#\" data-borlabs-cookie-unblock role=\"button\">Unblock content<\/a> <a class=\"brlbs-cmpnt-cb-btn\" href=\"#\" data-borlabs-cookie-accept-service role=\"button\" style=\"display: none\">Accept required service and unblock content<\/a> <\/div> <a class=\"brlbs-cmpnt-cb-provider-toggle\" href=\"#\" data-borlabs-cookie-show-provider-information role=\"button\">More Information<\/a> <\/div><\/div><\/div><\/div><!-- \/.sc_googlemap_wrap -->[\/vc_column][\/vc_row]<\/p>\n<\/div>","protected":false},"excerpt":{"rendered":"<p>[vc_row el_class=\u201dreverse-col-on-mobile\u201d][vc_column width=\u201d1\/2\u201d][vc_column_text css=\u201d.vc_custom_1772750266566{margin-top: 3.3em !important;padding-bottom: 3.9rem !important;}\u201d]D\u017eemat Zug vidi susret, dijalog i razmjenu znanja kao va\u017ean dio svog djelovanja. Na\u0161a vrata su otvorena svima&hellip;<\/p>\n","protected":false},"author":1,"featured_media":0,"parent":0,"menu_order":0,"comment_status":"closed","ping_status":"closed","template":"","meta":{"footnotes":""},"class_list":["post-37","page","type-page","status-publish","hentry"],"yoast_head":"<!-- This site is optimized with the Yoast SEO plugin v27.4 - https:\/\/yoast.com\/product\/yoast-seo-wordpress\/ -->\n<title>Kontakt | D\u017eemat Zug u \u0160vicarskoj<\/title>\n<meta name=\"description\" content=\"Imate pitanje ili \u017eelite postati dio na\u0161e zajednice? Kontaktirajte D\u017eemat Zug i rado \u0107emo vam pru\u017eiti sve potrebne informacije.\" \/>\n<meta name=\"robots\" content=\"index, follow, max-snippet:-1, max-image-preview:large, max-video-preview:-1\" \/>\n<link rel=\"canonical\" href=\"https:\/\/www.ig-zug.ch\/bs\/kontakt\/\" \/>\n<meta property=\"og:locale\" content=\"bs_BA\" \/>\n<meta property=\"og:type\" content=\"article\" \/>\n<meta property=\"og:title\" content=\"Kontakt | D\u017eemat Zug u \u0160vicarskoj\" \/>\n<meta property=\"og:description\" content=\"Imate pitanje ili \u017eelite postati dio na\u0161e zajednice? Kontaktirajte D\u017eemat Zug i rado \u0107emo vam pru\u017eiti sve potrebne informacije.\" \/>\n<meta property=\"og:url\" content=\"https:\/\/www.ig-zug.ch\/bs\/kontakt\/\" \/>\n<meta property=\"og:site_name\" content=\"D\u017eemat Zug\" \/>\n<meta property=\"article:modified_time\" content=\"2026-03-05T22:39:40+00:00\" \/>\n<meta name=\"twitter:card\" content=\"summary_large_image\" \/>\n<meta name=\"twitter:label1\" content=\"Est. reading time\" \/>\n\t<meta name=\"twitter:data1\" content=\"1 minuta\" \/>\n<script type=\"application\/ld+json\" class=\"yoast-schema-graph\">{\"@context\":\"https:\\\/\\\/schema.org\",\"@graph\":[{\"@type\":\"WebPage\",\"@id\":\"https:\\\/\\\/www.ig-zug.ch\\\/bs\\\/kontakt\\\/\",\"url\":\"https:\\\/\\\/www.ig-zug.ch\\\/bs\\\/kontakt\\\/\",\"name\":\"Kontakt | D\u017eemat Zug u \u0160vicarskoj\",\"isPartOf\":{\"@id\":\"https:\\\/\\\/www.ig-zug.ch\\\/bs\\\/#website\"},\"datePublished\":\"2017-07-10T14:42:04+00:00\",\"dateModified\":\"2026-03-05T22:39:40+00:00\",\"description\":\"Imate pitanje ili \u017eelite postati dio na\u0161e zajednice? Kontaktirajte D\u017eemat Zug i rado \u0107emo vam pru\u017eiti sve potrebne informacije.\",\"breadcrumb\":{\"@id\":\"https:\\\/\\\/www.ig-zug.ch\\\/bs\\\/kontakt\\\/#breadcrumb\"},\"inLanguage\":\"bs-BA\",\"potentialAction\":[{\"@type\":\"ReadAction\",\"target\":[\"https:\\\/\\\/www.ig-zug.ch\\\/bs\\\/kontakt\\\/\"]}]},{\"@type\":\"BreadcrumbList\",\"@id\":\"https:\\\/\\\/www.ig-zug.ch\\\/bs\\\/kontakt\\\/#breadcrumb\",\"itemListElement\":[{\"@type\":\"ListItem\",\"position\":1,\"name\":\"Start\",\"item\":\"https:\\\/\\\/www.ig-zug.ch\\\/bs\\\/\"},{\"@type\":\"ListItem\",\"position\":2,\"name\":\"Kontakt\"}]},{\"@type\":\"WebSite\",\"@id\":\"https:\\\/\\\/www.ig-zug.ch\\\/bs\\\/#website\",\"url\":\"https:\\\/\\\/www.ig-zug.ch\\\/bs\\\/\",\"name\":\"Verein IG des Kantons Zug\",\"description\":\"Bosnischer Kulturverein\",\"publisher\":{\"@id\":\"https:\\\/\\\/www.ig-zug.ch\\\/bs\\\/#organization\"},\"potentialAction\":[{\"@type\":\"SearchAction\",\"target\":{\"@type\":\"EntryPoint\",\"urlTemplate\":\"https:\\\/\\\/www.ig-zug.ch\\\/bs\\\/?s={search_term_string}\"},\"query-input\":{\"@type\":\"PropertyValueSpecification\",\"valueRequired\":true,\"valueName\":\"search_term_string\"}}],\"inLanguage\":\"bs-BA\"},{\"@type\":\"Organization\",\"@id\":\"https:\\\/\\\/www.ig-zug.ch\\\/bs\\\/#organization\",\"name\":\"D\u017eemat Zug\",\"url\":\"https:\\\/\\\/www.ig-zug.ch\\\/bs\\\/\",\"logo\":{\"@type\":\"ImageObject\",\"inLanguage\":\"bs-BA\",\"@id\":\"https:\\\/\\\/www.ig-zug.ch\\\/bs\\\/#\\\/schema\\\/logo\\\/image\\\/\",\"url\":\"https:\\\/\\\/www.ig-zug.ch\\\/wp-content\\\/uploads\\\/2026\\\/01\\\/DzZ_Logo_fullwhite.png\",\"contentUrl\":\"https:\\\/\\\/www.ig-zug.ch\\\/wp-content\\\/uploads\\\/2026\\\/01\\\/DzZ_Logo_fullwhite.png\",\"width\":250,\"height\":60,\"caption\":\"D\u017eemat Zug\"},\"image\":{\"@id\":\"https:\\\/\\\/www.ig-zug.ch\\\/bs\\\/#\\\/schema\\\/logo\\\/image\\\/\"}}]}<\/script>\n<!-- \/ Yoast SEO plugin. -->","yoast_head_json":{"title":"Kontakt | D\u017eemat Zug u \u0160vicarskoj","description":"Imate pitanje ili \u017eelite postati dio na\u0161e zajednice? Kontaktirajte D\u017eemat Zug i rado \u0107emo vam pru\u017eiti sve potrebne informacije.","robots":{"index":"index","follow":"follow","max-snippet":"max-snippet:-1","max-image-preview":"max-image-preview:large","max-video-preview":"max-video-preview:-1"},"canonical":"https:\/\/www.ig-zug.ch\/bs\/kontakt\/","og_locale":"bs_BA","og_type":"article","og_title":"Kontakt | D\u017eemat Zug u \u0160vicarskoj","og_description":"Imate pitanje ili \u017eelite postati dio na\u0161e zajednice? Kontaktirajte D\u017eemat Zug i rado \u0107emo vam pru\u017eiti sve potrebne informacije.","og_url":"https:\/\/www.ig-zug.ch\/bs\/kontakt\/","og_site_name":"D\u017eemat Zug","article_modified_time":"2026-03-05T22:39:40+00:00","twitter_card":"summary_large_image","twitter_misc":{"Est. reading time":"1 minuta"},"schema":{"@context":"https:\/\/schema.org","@graph":[{"@type":"WebPage","@id":"https:\/\/www.ig-zug.ch\/bs\/kontakt\/","url":"https:\/\/www.ig-zug.ch\/bs\/kontakt\/","name":"Kontakt | D\u017eemat Zug u \u0160vicarskoj","isPartOf":{"@id":"https:\/\/www.ig-zug.ch\/bs\/#website"},"datePublished":"2017-07-10T14:42:04+00:00","dateModified":"2026-03-05T22:39:40+00:00","description":"Imate pitanje ili \u017eelite postati dio na\u0161e zajednice? Kontaktirajte D\u017eemat Zug i rado \u0107emo vam pru\u017eiti sve potrebne informacije.","breadcrumb":{"@id":"https:\/\/www.ig-zug.ch\/bs\/kontakt\/#breadcrumb"},"inLanguage":"bs-BA","potentialAction":[{"@type":"ReadAction","target":["https:\/\/www.ig-zug.ch\/bs\/kontakt\/"]}]},{"@type":"BreadcrumbList","@id":"https:\/\/www.ig-zug.ch\/bs\/kontakt\/#breadcrumb","itemListElement":[{"@type":"ListItem","position":1,"name":"Start","item":"https:\/\/www.ig-zug.ch\/bs\/"},{"@type":"ListItem","position":2,"name":"Kontakt"}]},{"@type":"WebSite","@id":"https:\/\/www.ig-zug.ch\/bs\/#website","url":"https:\/\/www.ig-zug.ch\/bs\/","name":"Verein IG des Kantons Zug","description":"Bosnischer Kulturverein","publisher":{"@id":"https:\/\/www.ig-zug.ch\/bs\/#organization"},"potentialAction":[{"@type":"SearchAction","target":{"@type":"EntryPoint","urlTemplate":"https:\/\/www.ig-zug.ch\/bs\/?s={search_term_string}"},"query-input":{"@type":"PropertyValueSpecification","valueRequired":true,"valueName":"search_term_string"}}],"inLanguage":"bs-BA"},{"@type":"Organization","@id":"https:\/\/www.ig-zug.ch\/bs\/#organization","name":"D\u017eemat Zug","url":"https:\/\/www.ig-zug.ch\/bs\/","logo":{"@type":"ImageObject","inLanguage":"bs-BA","@id":"https:\/\/www.ig-zug.ch\/bs\/#\/schema\/logo\/image\/","url":"https:\/\/www.ig-zug.ch\/wp-content\/uploads\/2026\/01\/DzZ_Logo_fullwhite.png","contentUrl":"https:\/\/www.ig-zug.ch\/wp-content\/uploads\/2026\/01\/DzZ_Logo_fullwhite.png","width":250,"height":60,"caption":"D\u017eemat Zug"},"image":{"@id":"https:\/\/www.ig-zug.ch\/bs\/#\/schema\/logo\/image\/"}}]}},"_links":{"self":[{"href":"https:\/\/www.ig-zug.ch\/bs\/wp-json\/wp\/v2\/pages\/37","targetHints":{"allow":["GET"]}}],"collection":[{"href":"https:\/\/www.ig-zug.ch\/bs\/wp-json\/wp\/v2\/pages"}],"about":[{"href":"https:\/\/www.ig-zug.ch\/bs\/wp-json\/wp\/v2\/types\/page"}],"author":[{"embeddable":true,"href":"https:\/\/www.ig-zug.ch\/bs\/wp-json\/wp\/v2\/users\/1"}],"replies":[{"embeddable":true,"href":"https:\/\/www.ig-zug.ch\/bs\/wp-json\/wp\/v2\/comments?post=37"}],"version-history":[{"count":9,"href":"https:\/\/www.ig-zug.ch\/bs\/wp-json\/wp\/v2\/pages\/37\/revisions"}],"predecessor-version":[{"id":5621,"href":"https:\/\/www.ig-zug.ch\/bs\/wp-json\/wp\/v2\/pages\/37\/revisions\/5621"}],"wp:attachment":[{"href":"https:\/\/www.ig-zug.ch\/bs\/wp-json\/wp\/v2\/media?parent=37"}],"curies":[{"name":"wp","href":"https:\/\/api.w.org\/{rel}","templated":true}]}}