{"id":34,"date":"2017-07-10T14:41:27","date_gmt":"2017-07-10T14:41:27","guid":{"rendered":"https:\/\/www.ig-zug.ch\/?page_id=34"},"modified":"2026-04-06T00:30:15","modified_gmt":"2026-04-05T22:30:15","slug":"dogadjaji","status":"publish","type":"page","link":"https:\/\/www.ig-zug.ch\/bs\/dogadjaji\/","title":{"rendered":"Doga\u0111aji"},"content":{"rendered":"<div class=\"wpb-content-wrapper\"><p>[vc_row hide_bg_image_on_tablet=\u201d\u201d hide_bg_image_on_mobile=\u201d\u201d css=\u201d.vc_custom_1772929078754{margin-top: 8em !important;padding-bottom: 4em !important;}\u201d][vc_column]<div id=\"sc_icons_986837631\" \n\tclass=\"sc_icons sc_icons_default sc_icons_size_small sc_align_left  vc_custom_1772929121249\"><div class=\"sc_icons_item\"><div id=\"sc_icons_986837631_icon-icon-shaha-00\" class=\"sc_icons_icon sc_icon_type_ icon-icon-shaha-00\"\n\t\t\t\t\t\t\t\t\t\t\t\t><span class=\"sc_icon_type_ icon-icon-shaha-00\"><\/span><\/div><\/div><\/div><!-- \/.sc_icons --><div id=\"sc_title_370758597\"\n\t\tclass=\"sc_title color_style_default sc_title_default\"><h3 class=\"sc_item_title sc_title_title sc_align_left sc_item_title_style_default\">Doga\u0111aji<\/h3><div class=\"sc_item_descr sc_title_descr sc_align_left\"><p>Na ovoj stranici mo\u017eete prona\u0107i pregled najavljenih doga\u0111aja i aktivnosti D\u017eemata Zug.<\/p>\n<p>Ovdje objavljujemo informacije o predstoje\u0107im vjerskim programima, predavanjima, zajedni\u010dkim okupljanjima, ramazanskim aktivnostima i drugim doga\u0111ajima koji se organizuju tokom godine.<\/p>\n<p>Pozivamo vas da redovno pratite najave i u\u010destvujete u programima koji doprinose ja\u010danju zajedni\u0161tva i \u017eivota na\u0161e zajednice.<\/p>\n<\/div><\/div><!-- \/.sc_title -->[\/vc_column][\/vc_row][vc_row full_width=\u201dstretch_row\u201d hide_bg_image_on_tablet=\u201d\u201d hide_bg_image_on_mobile=\u201d\u201d css=\u201d.vc_custom_1772929310226{padding-top: 4em !important;padding-bottom: 8em !important;background-color: #AF967530 !important;background-position: center !important;background-repeat: no-repeat !important;background-size: cover !important;}\u201d][vc_column]<div class=\"sc_events color_style_default sc_events_default  vc_custom_1772928845185\"><h3 class=\"sc_item_title sc_events_title sc_align_left sc_item_title_style_default sc_item_title_tag\">Nadolaze\u0107i doga\u0111aji<\/h3><div class=\"sc_events_content sc_item_content\"><span class=\"sc_events_item\"><span class=\"sc_events_item_date\">\n\t\t<span class=\"sc_events_item_day\">02<\/span>\n\t\t<span class=\"sc_events_item_md_wrap\">\n\t\t    <span class=\"sc_events_item_month\">maj<\/span>\n\t\t    <span class=\"sc_events_item_day_name\">Subota<\/span>\n        <\/span>\n\t<\/span><span class=\"sc_events_item_td_wrap\"><span class=\"sc_events_item_title\">Ikrar Dova 2026 &#8211; Had\u017eije D\u017eemata Zug, 2026.<\/span><span class=\"sc_events_item_details\"><span class=\"sc_events_item_details_date\">\n            2. Maj | 13:30 - 15:00        <\/span><span class=\"sc_events_item_details_venue\">\n                D\u017eemat Zug, Sumpfstrasse 1, 6312 Steinhausen            <\/span><\/span><\/span><a href=\"https:\/\/www.ig-zug.ch\/bs\/program\/ikrar-dova-2026\/\" class=\"sc_events_item_button sc_button sc_button_default sc_button_size_normal\">\n        <span class=\"sc_button_text\">\n            <span class=\"sc_button_title\">\n            Detalji doga\u0111aja            <\/span>\n        <\/span>\n    <\/a><\/span><\/div><\/div><!-- \/.sc_events -->[\/vc_column][\/vc_row][vc_row full_width=\u201dstretch_row\u201d hide_bg_image_on_tablet=\u201d\u201d hide_bg_image_on_mobile=\u201d\u201d css=\u201d.vc_custom_1775428201502{padding-bottom: 8em !important;background-color: #E9E9E9 !important;background-position: center !important;background-repeat: no-repeat !important;background-size: cover !important;}\u201d][vc_column]<div class=\"sc_events color_style_default scheme_default sc_events_default  vc_custom_1772929941238\"><h3 class=\"sc_item_title sc_events_title sc_align_left sc_item_title_style_default sc_item_title_tag\">Protekli doga\u0111aji<\/h3><div class=\"sc_events_content sc_item_content\"><span class=\"sc_events_item\"><span class=\"sc_events_item_date\">\n\t\t<span class=\"sc_events_item_day\">20<\/span>\n\t\t<span class=\"sc_events_item_md_wrap\">\n\t\t    <span class=\"sc_events_item_month\">mar<\/span>\n\t\t    <span class=\"sc_events_item_day_name\">Petak<\/span>\n        <\/span>\n\t<\/span><span class=\"sc_events_item_td_wrap\"><span class=\"sc_events_item_title\">Bajram-namaz 1447 h.g. \/ 2026.g.<\/span><span class=\"sc_events_item_details\"><span class=\"sc_events_item_details_date\">\n            20. Mart | 07:10 - 09:00        <\/span><span class=\"sc_events_item_details_venue\">\n                D\u017eemat Zug, Sumpfstrasse 1, 6312 Steinhausen            <\/span><\/span><\/span><a href=\"https:\/\/www.ig-zug.ch\/bs\/program\/bajram-namaz-1447-h-g-2026-g\/\" class=\"sc_events_item_button sc_button sc_button_default sc_button_size_normal\">\n        <span class=\"sc_button_text\">\n            <span class=\"sc_button_title\">\n            Detalji doga\u0111aja            <\/span>\n        <\/span>\n    <\/a><\/span><\/div><\/div><!-- \/.sc_events -->[\/vc_column][\/vc_row]<\/p>\n<\/div>","protected":false},"excerpt":{"rendered":"<p>[vc_row hide_bg_image_on_tablet=\u201d\u201d hide_bg_image_on_mobile=\u201d\u201d css=\u201d.vc_custom_1772929078754{margin-top: 8em !important;padding-bottom: 4em !important;}\u201d][vc_column][\/vc_column][\/vc_row][vc_row full_width=\u201dstretch_row\u201d hide_bg_image_on_tablet=\u201d\u201d hide_bg_image_on_mobile=\u201d\u201d css=\u201d.vc_custom_1772929310226{padding-top: 4em !important;padding-bottom: 8em !important;background-color: #AF967530 !important;background-position: center !important;background-repeat: no-repeat !important;background-size: cover !important;}\u201d][vc_column][\/vc_column][\/vc_row][vc_row full_width=\u201dstretch_row\u201d&hellip;<\/p>\n","protected":false},"author":1,"featured_media":0,"parent":0,"menu_order":0,"comment_status":"closed","ping_status":"closed","template":"","meta":{"footnotes":""},"class_list":["post-34","page","type-page","status-publish","hentry"],"yoast_head":"<!-- This site is optimized with the Yoast SEO plugin v27.4 - https:\/\/yoast.com\/product\/yoast-seo-wordpress\/ -->\n<title>Doga\u0111aji | Najave i aktivnosti D\u017eemata Zug<\/title>\n<meta name=\"description\" content=\"Pogledajte predstoje\u0107e doga\u0111aje D\u017eemata Zug: predavanja, mekteb, programi i posebne aktivnosti na\u0161e zajednice u \u0160vicarskoj.\" \/>\n<meta name=\"robots\" content=\"index, follow, max-snippet:-1, max-image-preview:large, max-video-preview:-1\" \/>\n<link rel=\"canonical\" href=\"https:\/\/www.ig-zug.ch\/bs\/dogadjaji\/\" \/>\n<meta property=\"og:locale\" content=\"bs_BA\" \/>\n<meta property=\"og:type\" content=\"article\" \/>\n<meta property=\"og:title\" content=\"Doga\u0111aji | Najave i aktivnosti D\u017eemata Zug\" \/>\n<meta property=\"og:description\" content=\"Pogledajte predstoje\u0107e doga\u0111aje D\u017eemata Zug: predavanja, mekteb, programi i posebne aktivnosti na\u0161e zajednice u \u0160vicarskoj.\" \/>\n<meta property=\"og:url\" content=\"https:\/\/www.ig-zug.ch\/bs\/dogadjaji\/\" \/>\n<meta property=\"og:site_name\" content=\"D\u017eemat Zug\" \/>\n<meta property=\"article:modified_time\" content=\"2026-04-05T22:30:15+00:00\" \/>\n<meta name=\"twitter:card\" content=\"summary_large_image\" \/>\n<meta name=\"twitter:label1\" content=\"Est. reading time\" \/>\n\t<meta name=\"twitter:data1\" content=\"1 minuta\" \/>\n<script type=\"application\/ld+json\" class=\"yoast-schema-graph\">{\"@context\":\"https:\\\/\\\/schema.org\",\"@graph\":[{\"@type\":\"WebPage\",\"@id\":\"https:\\\/\\\/www.ig-zug.ch\\\/bs\\\/dogadjaji\\\/\",\"url\":\"https:\\\/\\\/www.ig-zug.ch\\\/bs\\\/dogadjaji\\\/\",\"name\":\"Doga\u0111aji | Najave i aktivnosti D\u017eemata Zug\",\"isPartOf\":{\"@id\":\"https:\\\/\\\/www.ig-zug.ch\\\/bs\\\/#website\"},\"datePublished\":\"2017-07-10T14:41:27+00:00\",\"dateModified\":\"2026-04-05T22:30:15+00:00\",\"description\":\"Pogledajte predstoje\u0107e doga\u0111aje D\u017eemata Zug: predavanja, mekteb, programi i posebne aktivnosti na\u0161e zajednice u \u0160vicarskoj.\",\"breadcrumb\":{\"@id\":\"https:\\\/\\\/www.ig-zug.ch\\\/bs\\\/dogadjaji\\\/#breadcrumb\"},\"inLanguage\":\"bs-BA\",\"potentialAction\":[{\"@type\":\"ReadAction\",\"target\":[\"https:\\\/\\\/www.ig-zug.ch\\\/bs\\\/dogadjaji\\\/\"]}]},{\"@type\":\"BreadcrumbList\",\"@id\":\"https:\\\/\\\/www.ig-zug.ch\\\/bs\\\/dogadjaji\\\/#breadcrumb\",\"itemListElement\":[{\"@type\":\"ListItem\",\"position\":1,\"name\":\"Start\",\"item\":\"https:\\\/\\\/www.ig-zug.ch\\\/bs\\\/\"},{\"@type\":\"ListItem\",\"position\":2,\"name\":\"Doga\u0111aji\"}]},{\"@type\":\"WebSite\",\"@id\":\"https:\\\/\\\/www.ig-zug.ch\\\/bs\\\/#website\",\"url\":\"https:\\\/\\\/www.ig-zug.ch\\\/bs\\\/\",\"name\":\"Verein IG des Kantons Zug\",\"description\":\"Bosnischer Kulturverein\",\"publisher\":{\"@id\":\"https:\\\/\\\/www.ig-zug.ch\\\/bs\\\/#organization\"},\"potentialAction\":[{\"@type\":\"SearchAction\",\"target\":{\"@type\":\"EntryPoint\",\"urlTemplate\":\"https:\\\/\\\/www.ig-zug.ch\\\/bs\\\/?s={search_term_string}\"},\"query-input\":{\"@type\":\"PropertyValueSpecification\",\"valueRequired\":true,\"valueName\":\"search_term_string\"}}],\"inLanguage\":\"bs-BA\"},{\"@type\":\"Organization\",\"@id\":\"https:\\\/\\\/www.ig-zug.ch\\\/bs\\\/#organization\",\"name\":\"D\u017eemat Zug\",\"url\":\"https:\\\/\\\/www.ig-zug.ch\\\/bs\\\/\",\"logo\":{\"@type\":\"ImageObject\",\"inLanguage\":\"bs-BA\",\"@id\":\"https:\\\/\\\/www.ig-zug.ch\\\/bs\\\/#\\\/schema\\\/logo\\\/image\\\/\",\"url\":\"https:\\\/\\\/www.ig-zug.ch\\\/wp-content\\\/uploads\\\/2026\\\/01\\\/DzZ_Logo_fullwhite.png\",\"contentUrl\":\"https:\\\/\\\/www.ig-zug.ch\\\/wp-content\\\/uploads\\\/2026\\\/01\\\/DzZ_Logo_fullwhite.png\",\"width\":250,\"height\":60,\"caption\":\"D\u017eemat Zug\"},\"image\":{\"@id\":\"https:\\\/\\\/www.ig-zug.ch\\\/bs\\\/#\\\/schema\\\/logo\\\/image\\\/\"}}]}<\/script>\n<!-- \/ Yoast SEO plugin. -->","yoast_head_json":{"title":"Doga\u0111aji | Najave i aktivnosti D\u017eemata Zug","description":"Pogledajte predstoje\u0107e doga\u0111aje D\u017eemata Zug: predavanja, mekteb, programi i posebne aktivnosti na\u0161e zajednice u \u0160vicarskoj.","robots":{"index":"index","follow":"follow","max-snippet":"max-snippet:-1","max-image-preview":"max-image-preview:large","max-video-preview":"max-video-preview:-1"},"canonical":"https:\/\/www.ig-zug.ch\/bs\/dogadjaji\/","og_locale":"bs_BA","og_type":"article","og_title":"Doga\u0111aji | Najave i aktivnosti D\u017eemata Zug","og_description":"Pogledajte predstoje\u0107e doga\u0111aje D\u017eemata Zug: predavanja, mekteb, programi i posebne aktivnosti na\u0161e zajednice u \u0160vicarskoj.","og_url":"https:\/\/www.ig-zug.ch\/bs\/dogadjaji\/","og_site_name":"D\u017eemat Zug","article_modified_time":"2026-04-05T22:30:15+00:00","twitter_card":"summary_large_image","twitter_misc":{"Est. reading time":"1 minuta"},"schema":{"@context":"https:\/\/schema.org","@graph":[{"@type":"WebPage","@id":"https:\/\/www.ig-zug.ch\/bs\/dogadjaji\/","url":"https:\/\/www.ig-zug.ch\/bs\/dogadjaji\/","name":"Doga\u0111aji | Najave i aktivnosti D\u017eemata Zug","isPartOf":{"@id":"https:\/\/www.ig-zug.ch\/bs\/#website"},"datePublished":"2017-07-10T14:41:27+00:00","dateModified":"2026-04-05T22:30:15+00:00","description":"Pogledajte predstoje\u0107e doga\u0111aje D\u017eemata Zug: predavanja, mekteb, programi i posebne aktivnosti na\u0161e zajednice u \u0160vicarskoj.","breadcrumb":{"@id":"https:\/\/www.ig-zug.ch\/bs\/dogadjaji\/#breadcrumb"},"inLanguage":"bs-BA","potentialAction":[{"@type":"ReadAction","target":["https:\/\/www.ig-zug.ch\/bs\/dogadjaji\/"]}]},{"@type":"BreadcrumbList","@id":"https:\/\/www.ig-zug.ch\/bs\/dogadjaji\/#breadcrumb","itemListElement":[{"@type":"ListItem","position":1,"name":"Start","item":"https:\/\/www.ig-zug.ch\/bs\/"},{"@type":"ListItem","position":2,"name":"Doga\u0111aji"}]},{"@type":"WebSite","@id":"https:\/\/www.ig-zug.ch\/bs\/#website","url":"https:\/\/www.ig-zug.ch\/bs\/","name":"Verein IG des Kantons Zug","description":"Bosnischer Kulturverein","publisher":{"@id":"https:\/\/www.ig-zug.ch\/bs\/#organization"},"potentialAction":[{"@type":"SearchAction","target":{"@type":"EntryPoint","urlTemplate":"https:\/\/www.ig-zug.ch\/bs\/?s={search_term_string}"},"query-input":{"@type":"PropertyValueSpecification","valueRequired":true,"valueName":"search_term_string"}}],"inLanguage":"bs-BA"},{"@type":"Organization","@id":"https:\/\/www.ig-zug.ch\/bs\/#organization","name":"D\u017eemat Zug","url":"https:\/\/www.ig-zug.ch\/bs\/","logo":{"@type":"ImageObject","inLanguage":"bs-BA","@id":"https:\/\/www.ig-zug.ch\/bs\/#\/schema\/logo\/image\/","url":"https:\/\/www.ig-zug.ch\/wp-content\/uploads\/2026\/01\/DzZ_Logo_fullwhite.png","contentUrl":"https:\/\/www.ig-zug.ch\/wp-content\/uploads\/2026\/01\/DzZ_Logo_fullwhite.png","width":250,"height":60,"caption":"D\u017eemat Zug"},"image":{"@id":"https:\/\/www.ig-zug.ch\/bs\/#\/schema\/logo\/image\/"}}]}},"_links":{"self":[{"href":"https:\/\/www.ig-zug.ch\/bs\/wp-json\/wp\/v2\/pages\/34","targetHints":{"allow":["GET"]}}],"collection":[{"href":"https:\/\/www.ig-zug.ch\/bs\/wp-json\/wp\/v2\/pages"}],"about":[{"href":"https:\/\/www.ig-zug.ch\/bs\/wp-json\/wp\/v2\/types\/page"}],"author":[{"embeddable":true,"href":"https:\/\/www.ig-zug.ch\/bs\/wp-json\/wp\/v2\/users\/1"}],"replies":[{"embeddable":true,"href":"https:\/\/www.ig-zug.ch\/bs\/wp-json\/wp\/v2\/comments?post=34"}],"version-history":[{"count":25,"href":"https:\/\/www.ig-zug.ch\/bs\/wp-json\/wp\/v2\/pages\/34\/revisions"}],"predecessor-version":[{"id":5922,"href":"https:\/\/www.ig-zug.ch\/bs\/wp-json\/wp\/v2\/pages\/34\/revisions\/5922"}],"wp:attachment":[{"href":"https:\/\/www.ig-zug.ch\/bs\/wp-json\/wp\/v2\/media?parent=34"}],"curies":[{"name":"wp","href":"https:\/\/api.w.org\/{rel}","templated":true}]}}